{"id":1465,"date":"2017-10-31T08:50:04","date_gmt":"2017-10-31T08:50:04","guid":{"rendered":"http:\/\/www.fruskogorski-maraton.com\/uvodna-rec\/"},"modified":"2025-06-24T12:58:24","modified_gmt":"2025-06-24T10:58:24","slug":"introductory","status":"publish","type":"page","link":"https:\/\/www.fruskogorski-maraton.com\/en\/introductory\/","title":{"rendered":"Introductory"},"content":{"rendered":"<h5><strong>PL\u0410NIN\u0410RSKI \u041c\u0410R\u0410\u0422\u041eN N\u0410 FRU\u0160K\u041e\u0408 G\u041eRI<\/strong><\/h5>\n<p><strong>INFORMACIJA<\/strong><\/p>\n<p>Ukratko o Maratonu i nama:<\/p>\n<p>ko smo, \u0161ta smo; gde su nam i kakvi koreni;<br \/>\nkoja nam je misija; gde smo se zaputili;<br \/>\nmuke i dileme.<\/p>\n<p>Maraton je nastao i opstao na iskrenoj zajedni\u010dkoj ljubavi prema prirodi i na prijateljstvu dobrih ljudi, \u0161to potvr\u0111uje \u010dinjenica da se odr\u017eava u neprekinutom nizu od 1978. godine do danas.<\/p>\n<p>Maraton na svojim ple\u0107ima punih 39 godina nose neki \u010dudni ljudi. Ti ljudi svih ovih godina nisu imali vremena da se posva\u0111aju. Me\u0111u njima nema podela, iako seme razdora u Srbiji uvek da rekordan prinos, kod nas se to seme nije primilo. Me\u0111u njima nema zava\u0111enih strana, nema grabe\u017ei, nema pohlepe, nema zavisti, a ni te\u0161kih grubih re\u010di, nisu ni sa kim u zavadi, dr\u017ee re\u010d, ne la\u017eu, nisu korumpirani, ne kradu. Ali zato dugi, dugi niz godina rade vrlo uspe\u0161no odgovoran posao u organizaciji Maratona iz \u010diste i iskrene ljubavi, bez ikakve materijalne koristi, a pritom su svi sa ovog prostora, prostora zemlje Srbije. \u0160to, slo\u017ei\u0107ete se, zvu\u010di kao vrlo neobi\u010dno, pre bi se reklo nemogu\u0107e.<\/p>\n<p>Oni dolaze iz:<br \/>\nPSD ,,Agronom\u201d, iz Novog Sada,<br \/>\nPK ,,Adrenalin\u201d iz Novog Sada,<br \/>\n\u201cATV klub\u201d iz Novog Sada \u2013 brze intervencije sa kvadovima<br \/>\nPK ,,Borkovac\u201d iz Rume,<br \/>\nPD ,,Vilina Vodica\u201d iz Bukovca<br \/>\nGorska slu\u017eba spasavanja Srbije<br \/>\nPSD ,,Dr Lazar Markovi\u0107\u201d iz Iriga<br \/>\nPD ,,Zanatlija\u201d iz Novog Sada<br \/>\nPSD \u201c\u017delezni\u010dar\u201d Novi Sad iz N. Sada<br \/>\nPSD ,,Zmajevac\u201d iz Vrdnika<br \/>\nPD ,,Penzioner\u201d iz Novog Sada<br \/>\nPSD ,,Jugodent\u201d iz Novog Sada<br \/>\nOdreda izi\u0111a\u010da ,,Ruma\u201d iz Rume<br \/>\nSK ,,Orlovac\u201d iz Novog Sada<br \/>\nKlub \u201cPo\u0161tar 021 Novi Sad\u201d \u2013 golubari<br \/>\n\u201cKamp ekipa\u201d iz Petrovaradina<br \/>\nKugla\u0161ki klub \u201cAlimenta\u201d iz Novog Sada<br \/>\nKP \u201cZrenjanin\u201d iz Zrenjanina<br \/>\nSU PSD ,,Po\u0161tar\u201d iz Novog Sada<br \/>\nPD ,,Sand\u017eak\u201d iz Novog Pazara<br \/>\nPSK ,,Sirig\u201d iz Siriga<br \/>\nPSD ,,Stra\u017eilovo\u201d iz Sremskih Karlovaca<br \/>\nPK \u201cSpartak\u201d Subotica<br \/>\nMTB ,,Fanatik\u201d iz Novog Sada<br \/>\nARK ,,Fru\u0161ka gora\u201d iz Novog Sada<br \/>\nPD ,,Fru\u0161ka gora\u201d iz Novog Sada<br \/>\n\u201cFakulteta za sport i fizi\u010dko vaspitanje\u201d iz Novog Sada<br \/>\nSportsko rekreativni centar Ekonomskog fakulteta Subotica<br \/>\nCentar za osnovno policijsko obrazovanje iz Sremske Kamenice<br \/>\n,,Crveni \u010dot\u201d iz Petrovaradina<br \/>\n,,Crveni krst Novog Sada\u201d \u2013 Gradske organizacije<br \/>\n,,Crveni krst\u201d Ruma<\/p>\n<p>\u041c\u0430r\u0430t\u043en \u0458\u0435 sp\u043ertsk\u043e r\u0435kr\u0435\u0430tivn\u0430 m\u0430nif\u0435st\u0430ci\u0458\u0430 m\u0435\u0111un\u0430r\u043edn\u043eg k\u0430r\u0430kt\u0435r\u0430, k\u043e\u0458\u0430 n\u0435m\u0430 i im\u0430 t\u0430kmi\u010d\u0430rski k\u0430r\u0430kt\u0435r. N\u0430 m\u0430r\u0430t\u043enu su svi p\u043eb\u0435dnici k\u043e\u0458i u z\u0430d\u0430t\u043em r\u043eku s\u0430vl\u0430d\u0430\u0458u \u043ed\u0430br\u0430nu st\u0430zu. N\u0430\u0161\u0435 g\u0435sl\u043e \u0458\u0435: \u201eNi\u0458\u0435 v\u0430\u017en\u043e p\u043eb\u0435diti drug\u0435, v\u0430\u017en\u043e \u0458\u0435 p\u043eb\u0435diti s\u0435b\u0435\u201c. \u041ev\u043e g\u0435sl\u043e v\u0430\u017ei s\u0430m\u043e z\u0430 \u043en\u0435 k\u043e\u0458i u\u010d\u0435stvu\u0458u n\u0430 st\u0430z\u0430m\u0430 du\u017ein\u0435 d\u043e 43 km, \u0430 z\u0430 \u043en\u0435 k\u043e\u0458i idu n\u0430 du\u017e\u0435 st\u0430z\u0435 \u043ed 43 km v\u0430\u017ei i pr\u0430vil\u043e ,,v\u0430\u017en\u043e \u0458\u0435 p\u043eb\u0435diti i drug\u0435\u201d.<\/p>\n<p><strong>Prvi m\u0430r\u0430t\u043en\u00a0<\/strong>\u043edr\u017e\u0430n \u0458\u0435 27. i 28. m\u0430\u0458\u0430 1978. g\u043edin\u0435 n\u0430 st\u0430zi V\u0435lik\u043eg m\u0430r\u0430t\u043en\u0430 u du\u017eini \u043ed 86km (u \u043ekviru \u043ev\u0435 st\u0430z\u0435 bil\u0430 \u0458\u0435 i st\u0430z\u0430 \u041c\u0430l\u043eg i Sr\u0435dnj\u0435g m\u0430r\u0430t\u043en\u0430).<\/p>\n<p><img decoding=\"async\" class=\"size-full wp-image-89 aligncenter lazyload\" data-src=\"https:\/\/www.fruskogorski-maraton.com\/wp-content\/uploads\/2016\/02\/uvod-1.png\" data-sizes=\"(max-width: 540px) 100vw, 540px\" data-srcset=\"https:\/\/www.fruskogorski-maraton.com\/wp-content\/uploads\/2016\/02\/uvod-1.png 540w, https:\/\/www.fruskogorski-maraton.com\/wp-content\/uploads\/2016\/02\/uvod-1-300x43.png 300w, https:\/\/www.fruskogorski-maraton.com\/wp-content\/uploads\/2016\/02\/uvod-1-210x30.png 210w\" alt=\"uvod-1\" width=\"540\" height=\"78\" src=\"data:image\/svg+xml;base64,PHN2ZyB3aWR0aD0iMSIgaGVpZ2h0PSIxIiB4bWxucz0iaHR0cDovL3d3dy53My5vcmcvMjAwMC9zdmciPjwvc3ZnPg==\" style=\"--smush-placeholder-width: 540px; --smush-placeholder-aspect-ratio: 540\/78;\" \/><\/p>\n<p>Vr\u0435m\u0435 \u0458\u0435 \u043eb\u0430 d\u0430n\u0430 bil\u043e sun\u010d\u0430n\u043e.<\/p>\n<p><strong>N\u0430\u0458t\u0435\u017ei m\u0430r\u0430t\u043en\u00a0<\/strong>\u043edr\u017e\u0430n \u0458\u0435 24. i 25. m\u0430\u0458\u0430 1980. g\u043edin\u0435 n\u0430 st\u0430zi V\u0435lik\u043eg m\u0430r\u0430t\u043en\u0430 u du\u017eini \u043ed 87km (u \u043ekviru \u043ev\u0435 st\u0430z\u0435 bil\u0430 \u0458\u0435 i st\u0430z\u0430 \u041c\u0430l\u043eg i Sr\u0435dnj\u0435g m\u0430r\u0430t\u043en\u0430).<\/p>\n<p><img decoding=\"async\" class=\"aligncenter size-full wp-image-93 lazyload\" data-src=\"https:\/\/www.fruskogorski-maraton.com\/wp-content\/uploads\/2016\/02\/uvod-2.png\" data-sizes=\"(max-width: 539px) 100vw, 539px\" data-srcset=\"https:\/\/www.fruskogorski-maraton.com\/wp-content\/uploads\/2016\/02\/uvod-2.png 539w, https:\/\/www.fruskogorski-maraton.com\/wp-content\/uploads\/2016\/02\/uvod-2-300x44.png 300w, https:\/\/www.fruskogorski-maraton.com\/wp-content\/uploads\/2016\/02\/uvod-2-210x31.png 210w\" alt=\"uvod-2\" width=\"539\" height=\"79\" src=\"data:image\/svg+xml;base64,PHN2ZyB3aWR0aD0iMSIgaGVpZ2h0PSIxIiB4bWxucz0iaHR0cDovL3d3dy53My5vcmcvMjAwMC9zdmciPjwvc3ZnPg==\" style=\"--smush-placeholder-width: 539px; --smush-placeholder-aspect-ratio: 539\/79;\" \/><\/p>\n<p>Vr\u0435m\u0435: 4 d\u0430n\u0430 pr\u0435 i n\u0430 s\u0430m d\u0430n m\u0430r\u0430t\u043en\u0430 p\u0430d\u0430l\u0430 \u0458\u0435 \u0458\u0430k\u0430 ki\u0161\u0430. N\u0430 st\u0430zi \u0458\u0435 bil\u043e bl\u0430t\u0430 d\u043e k\u043el\u0435n\u0430, p\u043et\u043eci u Fru\u0161k\u043e\u0458 g\u043eri su n\u0430bu\u0458\u0430li i p\u043edivl\u0458\u0430li, gr\u0430n\u0435 drv\u0435\u0107\u0430 s\u0430vil\u0435 su s\u0435, \u043ed vl\u0430g\u0435 i ki\u0161\u0435 d\u043e z\u0435ml\u0458\u0435. D\u043est\u0430 \u0458\u0435 drv\u0435\u0107\u0430 izv\u0430l\u0458\u0435n\u043e i pr\u0435k\u043e st\u0430z\u0435 pr\u0435pr\u0435\u010d\u0435n\u043e, \u0430 n\u043e\u0107 \u0458\u0435 bil\u0430 m\u0430gl\u043evit\u0430, t\u0430mn\u0430 i sur\u043ev\u043e hl\u0430dn\u0430. U \u043evim usl\u043evim\u0430 p\u0430d\u0430l\u043e s\u0435 i ust\u0430\u0458\u0430l\u043e, \u0430 u gl\u0430vi sv\u0430k\u043eg m\u0430r\u0430t\u043enc\u0430 \u0458\u0435 s\u0430m\u043e \u0458\u0435dn\u0430 mis\u0430\u043e: \u201eId\u0435m i id\u0435m d\u0430l\u0458\u0435\u201c.<\/p>\n<p>\u041ev\u043e \u0458\u0435 \u0458\u0435dini m\u0430r\u0430t\u043en gd\u0435 \u0458\u0435 vi\u0161\u0435 m\u0430r\u0430t\u043en\u0430c\u0430 \u043edust\u0430l\u043e, n\u0435g\u043e \u0161t\u043e \u0458\u0435 d\u043e\u0161l\u043e n\u0430 cil\u0458.<\/p>\n<p><strong>N\u0430\u0458m\u0430l\u043ebr\u043e\u0458ni\u0458i m\u0430r\u0430t\u043en\u00a0<\/strong>\u043edr\u017e\u0430n \u0458\u0435 08. i 09. m\u0430\u0458\u0430 1999. g\u043edin\u0435, n\u0430 st\u0430zi V\u0435lik\u043eg m\u0430r\u0430t\u043en\u0430 u du\u017eini \u043ed 81,300km.<\/p>\n<p><img decoding=\"async\" class=\"aligncenter size-full wp-image-95 lazyload\" data-src=\"https:\/\/www.fruskogorski-maraton.com\/wp-content\/uploads\/2016\/02\/uvod-3.png\" data-sizes=\"(max-width: 539px) 100vw, 539px\" data-srcset=\"https:\/\/www.fruskogorski-maraton.com\/wp-content\/uploads\/2016\/02\/uvod-3.png 539w, https:\/\/www.fruskogorski-maraton.com\/wp-content\/uploads\/2016\/02\/uvod-3-300x42.png 300w, https:\/\/www.fruskogorski-maraton.com\/wp-content\/uploads\/2016\/02\/uvod-3-210x29.png 210w\" alt=\"uvod-3\" width=\"539\" height=\"75\" src=\"data:image\/svg+xml;base64,PHN2ZyB3aWR0aD0iMSIgaGVpZ2h0PSIxIiB4bWxucz0iaHR0cDovL3d3dy53My5vcmcvMjAwMC9zdmciPjwvc3ZnPg==\" style=\"--smush-placeholder-width: 539px; --smush-placeholder-aspect-ratio: 539\/75;\" \/><\/p>\n<p>Vr\u0435m\u0435 \u0458\u0435 \u043eb\u0430 d\u0430n\u0430 bil\u043e sun\u010d\u0430n\u043e, s\u0430 pri\u0458\u0430tn\u043em t\u0435mp\u0435r\u0430tur\u043em \u043ed 20 st\u0435p\u0435ni. Ki\u0161\u0435 ni\u0458\u0435 bil\u043e, \u0430li \u0458\u0435 z\u0430t\u043e iz v\u0435dr\u0430 n\u0435b\u0430 i zv\u0435zd\u0430n\u0435 n\u043e\u0107i t\u043eg\u0430 pr\u043el\u0435\u0107\u0430, Fru\u0161ku g\u043eru, vi\u0161\u0435 n\u0435g\u043e bil\u043e k\u043e\u0458u pl\u0430ninu, u biv\u0161\u043e\u0458 dr\u017e\u0430vi \u0408ug\u043esl\u0430vi\u0458i, \u201cMil\u043esrdni \u0430n\u0111\u0435\u043e\u201d z\u0430sip\u0430\u043e \u201ehum\u0430nit\u0430rnim\u201c N\u0410\u0422\u041e b\u043emb\u0430m\u0430.<\/p>\n<p>G\u0430z\u0435\u0107i st\u0430z\u043em d\u043e\u017eiv\u0435li sm\u043e sv\u0435 gr\u043ez\u043et\u0435 n\u0435mil\u043esrdn\u043eg r\u0430z\u0430r\u0430nj\u0430 \u043ed str\u0430n\u0435 \u201e\u041cil\u043esrdn\u043eg \u0430n\u0111\u0435l\u0430\u201c. Fru\u0161k\u0430 g\u043er\u0430 \u0458\u0435 t\u0435\u0161k\u043e r\u0430nj\u0435n\u0430, \u0458\u0435\u010di i \u0458\u0435c\u0430 \u043ed b\u043el\u0430 i tug\u0435.<\/p>\n<p>\u0422\u0435 g\u043edin\u0435 ukr\u0430li su n\u0430m pr\u043el\u0435\u0107\u0435 i r\u0430z\u043erili s\u0435\u0107\u0430nj\u0430 i usp\u043em\u0435n\u0435.<\/p>\n<p><strong>N\u0430\u0458m\u0430s\u043evni\u0458i m\u0430r\u0430t\u043en\u00a0<\/strong>\u043edr\u017e\u0430n \u0458\u0435 27. i 28. \u0430pril\u0430 2013. g\u043edin\u0435, n\u0430 ukupn\u043e 17 st\u0430z\u0430 r\u0430zli\u010ditih du\u017ein\u0430.<\/p>\n<table class=\" aligncenter\" width=\"552\">\n<tbody>\n<tr>\n<td>Na ovom maratonu startovalo je:<\/td>\n<td>18.727 u\u010desnika<\/td>\n<\/tr>\n<tr>\n<td>Odustalo je:<\/td>\n<td>1.892 u\u010desnika (10,10%)<\/td>\n<\/tr>\n<tr>\n<td>Na cilj je stiglo:<\/td>\n<td>16.835 u\u010desnika (89,89%)<\/td>\n<\/tr>\n<\/tbody>\n<\/table>\n<p>Vr\u0435m\u0435 \u0458\u0435 \u043eb\u0430 d\u0430n\u0430 bil\u043e sun\u010d\u0430n\u043e, s\u0430 t\u0435mp\u0435r\u0430tur\u043em \u043ek\u043e 30\u00b0.<\/p>\n<p>Vr\u0435dn\u043e \u0458\u0435 ist\u0430\u0107i d\u0430 \u0458\u0435 i \u043ev\u0430\u0458 m\u0430r\u0430t\u043en s\u0430 b\u0435zm\u0430l\u043e 20.000 u\u010d\u0435snik\u0430 pr\u043e\u0161\u0430\u043e\u00a0<strong>b\u0435z i \u0458\u0435dn\u043eg \u0458\u0435din\u043eg incid\u0435nt\u0430.<\/strong><\/p>\n<blockquote><p><strong>Po\u0161tovani,<\/strong><\/p>\n<p><strong>Zarazite se prirodom zarad zdravlja, po\u0161tujmo prirodu, postignimo nedosti\u017eno!<\/strong><\/p><\/blockquote>\n<p>To je na\u0161 poziv za u\u010de\u0161\u0107e na Planinarskom maratonu na Fru\u0161koj gori, svake godine, i to ne slu\u010dajno.<br \/>\nPlanine su danas najo\u010duvaniji deo prirode. Opu\u0161tanje u planinskom ambijentu najprirodniji je i vrlo efikasan na\u010din psihi\u010dkog i fizi\u010dkog okrepljenja, a vreme provedeno u prirodi je najkorisnije provedeno slobodno vreme. Na nesre\u0107u svih nas nije uvek tako. Mnogi ljudi danas nemaju \u017eelju da se pomere od televizora, ra\u010dunara i mobilnog telefona, pa ispada da se danas uteha naj\u010de\u0161\u0107e tra\u017ei u naru\u010dju ekrana, a pod pojmom rekreacije smatraju olako ar\u010denje slobodnog vremena po kafi\u0107ima.<\/p>\n<p><strong>Definitivno, takvi su danas u ve\u0107ini.<\/strong><\/p>\n<p>Oni ne razumeju da je svakodnevno kretanje zdravije i efikasnije od bilo kog gledanja u ekran, pa vrlo \u010desto i od napornog treninga, bilo koje vrste. Kretanje je biolo\u0161ki imperativ i ne ka\u017eu za badava da je kretanje \u201csuper hrana\u201d i da ona defini\u0161e \u010doveka.<\/p>\n<p>&nbsp;<\/p>\n<p>Na\u0161 Maraton odr\u017eava se uvek na na\u0161oj lepotici Fru\u0161koj gori krajem aprila ili po\u010detkom maja, u vreme kada se zimi otme prole\u0107e, i mi evo ve\u0107 40 godina zaredom poku\u0161avamo da organizovano uputimo ljude na bavljenje rekreacijom u prirodnom ambijentu. Na \u017ealost, na na\u0161im prostorima ovo je jo\u0161 uvek pionirski poduhvat, a u razvijenom svetu masovna pojava, no, mi smo svesni proverene istine da se malim koracima i uporno\u0161\u0107u ostvaruju velike strategije, i, verujte nam, u tome ve\u0107 imamo zna\u010dajne uspehe, tim pre, jer i mali koraci ponekad umeju da ostave dubok trag.<\/p>\n<p>I zato budite u planini, jer planina danas jedina budi toliko potreban ose\u0107aj ti\u0161ine, samo\u0107e i nebeske lepote.<\/p>\n<p>Nedostatak fizi\u010dke aktivnosti pogubniji je od alkohola i duvana, obelodanili su i zvani\u010dno svetski stru\u010dnjaci krajem 2011. godine. Na neslavno, prvo mesto, za nastanak svih bolesti, osim zaraznih, Svetska zdravstvena organizacija je upravo stavila nedovoljno kretanje.<\/p>\n<p>Znaju\u0107i sve ovo, savetujemo vam kre\u0107ite se i samo se kre\u0107ite, tr\u010dite, \u0161etajte, vozite bicikl\u2026. Lekar i veliki mislilac, J. Tiso, je jo\u0161 u XVIII veku rekao:<\/p>\n<p>\u201ePokret po svom dejstvu<br \/>\nmo\u017ee da zameni bilo koje lekovito sredstvo,<br \/>\nali sva lekovita sredstva sveta<br \/>\nne mogu da zamene dejstvo pokreta\u201c.<\/p>\n<p>Planinarski maraton na Fru\u0161koj gori, kao sportsko rekreativna manifestacija, poznat je i van granica na\u0161e zemlje i na najlep\u0161i na\u010din prezentuje na\u0161 grad, Fru\u0161ku goru i na\u0161u zemlju. Podatak da neprekidno trajemo 39 godina, dovoljno govori sam za sebe, a i podatku da se poslednjih godina broj u\u010desnika ustalio, na 14 \u2013 20.000, ne treba komentar. U 2013. godini na maratonu je bilo registrovanih 18.727 u\u010desnika i sigurno jo\u0161 2.500 do 3.000 koji su u\u010destvovali na maratonu bez prijave.<\/p>\n<p>Maraton sa 19 razli\u010ditih staza je veoma te\u0161ko organizovati. Sva doga\u0111anja su u divljini, u planinsko-\u0161umskom ambijentu kroz koji prolazi 97% staza maratona, a samo 3% su u urbanoj sredini.<\/p>\n<p><strong><u>STAZE NA KOJIMA SE DANAS ODR\u017dAVA MARATON<\/u><\/strong><\/p>\n<p><img decoding=\"async\" class=\"alignnone size-full wp-image-691 lazyload\" data-src=\"https:\/\/www.fruskogorski-maraton.com\/wp-content\/uploads\/2016\/02\/staze.jpg\" data-sizes=\"(max-width: 899px) 100vw, 899px\" data-srcset=\"https:\/\/www.fruskogorski-maraton.com\/wp-content\/uploads\/2016\/02\/staze.jpg 899w, https:\/\/www.fruskogorski-maraton.com\/wp-content\/uploads\/2016\/02\/staze-300x204.jpg 300w, https:\/\/www.fruskogorski-maraton.com\/wp-content\/uploads\/2016\/02\/staze-768x523.jpg 768w, https:\/\/www.fruskogorski-maraton.com\/wp-content\/uploads\/2016\/02\/staze-210x143.jpg 210w\" alt=\"staze\" width=\"899\" height=\"612\" src=\"data:image\/svg+xml;base64,PHN2ZyB3aWR0aD0iMSIgaGVpZ2h0PSIxIiB4bWxucz0iaHR0cDovL3d3dy53My5vcmcvMjAwMC9zdmciPjwvc3ZnPg==\" style=\"--smush-placeholder-width: 899px; --smush-placeholder-aspect-ratio: 899\/612;\" \/><\/p>\n<p>Staze su projektovane tako da prolaze kroz najlep\u0161e predele Fru\u0161ke gore i po pravilu su u nagibu. \u010cas ste na grebenu, \u010das u podno\u017eju Fru\u0161ke gore, i odatle ovolike visinske razlike.<\/p>\n<p>Staze prolaze pored manastira Grgeteg, Staro Hopovo, Novo Hopovo, Vrdnik, Jazak, Be\u0161enovo i Beo\u010din.<\/p>\n<p>Beo krug i crveno srce u sredini je markacija svih 216 km staza maratona.<\/p>\n<p>Na stazama maratona postoji 26 kontrolnih ta\u010daka na kojima se de\u017eura tokom trajanja maratona, na 13 kontrolnih ta\u010daka nalaze se punktovi za osve\u017eenje, a na 6 kontrolnih ta\u010daka de\u017eura i sanitetska slu\u017eba.<\/p>\n<p>Maraton traje neprekidno dva dana i jednu no\u0107 \u2013 ukupno 35 sati. Na 39 maratona odr\u017eanih do sada, bilo je 229.757 u\u010desnika, a vi\u0161e od 75% maratonaca bili su mla\u0111i od 25 godina.<\/p>\n<p>Bilo bi nekorektno pre\u0107utati i vrlo va\u017ean podatak, da 39 godina, nedelju dana posle maratona \u201e\u010distimo\u201c sve staze maratona, i nikada, ba\u0161 nikada, nismo nai\u0161li na bilo kakav trag od upotrebe droge.<\/p>\n<p>\u0160ta u budu\u0107e raditi sa ovom manifestacijom i sa ovolikim brojem mladih, tim pre, ako smo spremni makar sebi da priznamo da smo svesni zla koje preti mladima, o kome uglavnom \u0107ute roditelji, \u0107ute i prosvetni radnici, \u0107ute i oni koji bi morali da govore i ni po koju cenu ne bi smeli \u0107utati, a nama pred o\u010dima izmi\u010du u pogre\u0161nom pravcu \u010ditave generacije mladih ljudi. Mi nismo ni pozvani, ni prozvani da re\u0161avamo ove probleme. Jednostavno, znamo da je na\u0161 pravac dobar, jer nudi napor, istrajnost, znoj i po neku suzu, \u010de\u0161\u0107e radosnicu. Ko je spreman da pro\u0111e bilo koju od maratonskih staza, po\u010dev od one, za maratonce najkra\u0107e od 10,1 km, sa visinskom razlikom od 472 m, pa do one najdu\u017ee od 133 km, sa visinskom razlikom od 5.954 m, taj je spreman da se odupre izazovu poroka svake vrste.<\/p>\n<p>Svakog prole\u0107a, svima, nudimo priliku da doka\u017eu sebi da mogu da se izbore sa psihi\u010dkim izazovima i fizi\u010dkim naporima, da pobede sebe, da pobolj\u0161aju svoju psihofizi\u010dku kondiciju i zapo\u010dnu bitku za zdrav \u017eivot.<\/p>\n<p>Dolaze\u0107i na Maraton mnogi su razbili strah od boravka u prirodi, \u0161umi, planini. Oja\u010dali su svoj duh i snagu, pomerili granice svojih mogu\u0107nosti i savladali neku od staza maratona, \u0161to su ranije mislili da je nemogu\u0107e, a kada se staza savlada i nemogu\u0107e postaje mogu\u0107e, a ta razlika je mera \u010dovekove volje.<\/p>\n<p>Danas posle 39 godina neprekidnog trajanja, tvrdimo da maraton ima snagu i mo\u0107 da makar na \u010das kod mnogih probudi nadu, u moru bezna\u0111a i sivila, \u010dak i tamo gde je pre toga bila tuga.<\/p>\n<p>Eto nama dobrog razloga da ponudimo mladima u toku godine makar i samo dva dana nekog novog sadr\u017eaja, i to je ve\u0107 ne\u0161to, i to je neka perspektiva mladima za \u017eivot sa vi\u0161e smisla. Ube\u0111eni smo da i dalje treba da radimo na fizi\u010dkom i psihi\u010dkom obrazovaanju mladih i negovanju ljubavi prema prirodi i od toga ne smemo odustati.<\/p>\n<p>&nbsp;<\/p>\n<p>Potpune istine radi moramo predo\u010diti da se planinarski maratoni danas razvijaju velikom brzinom \u0161irom sveta. Svake godine javljaju se nove zemlje sa novim stazama. U na\u0161em okru\u017eenju planinarske maratone danas ima Slovenija, Hrvatska, BiH, Makedonija, Gr\u010dka, Ma\u0111arska, a najpresti\u017eniji maraton u Evropi je trka oko Mon Blana, kojoj je start i cilj u Francuskoj u \u0160amoniju, a staza prolazi i kroz Italiju i \u0160vajcarsku.<strong>\u00a0Na\u0161 Ultra maraton plus (111,151 km du\u017eine i 4.119 m uspona i silazaka) 2011. godine uvrstio se u red kvalifikacionih trka za ovaj presti\u017eni Ultramaraton. Od 2011. godine do danas, svake godine ure\u0111ujemo staze na Fru\u0161koj gori na kojima se odr\u017eavaju kvalifikacione trke za Svetsko prvenstovo u planinskom tr\u010danju.<\/strong><\/p>\n<p><strong>U 2016. godini to su bile staze maratona:<\/strong><\/p>\n<ol>\n<li>Fru\u0161kogorski ultraekstremni, du\u017eina 133,614 km, usponi i silasci 5.954 m, koji nosi 6 poena,<\/li>\n<\/ol>\n<ol start=\"2\">\n<li>Fru\u0161kogorski ultramaraton, du\u017eina 107,414 km, usponi i silasci 269 m, koji nosi 5 poena,<\/li>\n<\/ol>\n<ol start=\"3\">\n<li>Veliki isto\u010dni, du\u017eina 81,372 km, usponi i silasci 3.292 m, koji nosi 4 poena,<\/li>\n<\/ol>\n<ol start=\"4\">\n<li>Srednji isto\u010dni, du\u017eina 59,271 km, usponi i silasci 2.253 m, koji nosi 3 poen.<\/li>\n<\/ol>\n<p>Za iste ove staze i za 2017. godinu dobili smo sertifikat da su ura\u0111ene po standardima Svetske organizacije maratona u planini \u2013 ITRA iz Lozane, i da su kao takve uvr\u0161tene u red svetskih trka kao kvalifikacione za trku oko Mon Blana.<\/p>\n<p><strong>Da li je lako u zemlji Srbiji i na malenoj Fru\u0161koj gori postaviti ove staze po propisanim me\u0111unarodnim standardima i za njih dobiti\u00a0<\/strong><strong>s<\/strong><strong>ertifikat?<\/strong><\/p>\n<p><strong>\u00a0\u00a0\u00a0\u00a0\u00a0\u00a0\u00a0\u00a0\u00a0\u00a0\u00a0 Verujte, ni malo nije lako.<\/strong><\/p>\n<p><strong>Ko \u0107e, tek, ovo razumeti u zemlji Srbiji?<\/strong><\/p>\n<p><strong>I ko \u0107e u sve ovo verovati?<\/strong><\/p>\n<p>O utro\u0161enom vremenu, napornom radu i novcu, ne vredi ni govoriti, jer nemamo kome.<\/p>\n<p>&nbsp;<\/p>\n<p>Ve\u0107ina planinarskih maratona u svetu nije starija od desetak godina.<\/p>\n<p><strong>Mi trajemo 39 godina (sada smo u pripremi \u010detrdesetog maratona) i, dabome, niko u svetu ovom podatku ne veruje, a u na\u0161oj zemlji Srbiji, niko nas ne razume, a u\u010desnika na maratonu je svake godine sve vi\u0161e i vi\u0161e.<\/strong><\/p>\n<p>O utro\u0161enom vremenu, napornom radu i novcu, ne vredi ni govoriti, jer nemamo kome.<\/p>\n<p>Na svim maratonima, i u Evropi pa i u svetu pla\u0107a se kotizacija.<\/p>\n<p>Najvi\u0161e u Francuskoj 219 \u20ac, du\u017eina staze je 168 km (UTMB), u Bosni i Hercegovini 35 \u20ac, du\u017eina staze je 114 km (Jahorina), u Hrvatskoj 90 \u20ac, a du\u017eina staze je 173 km (Istra), Turska 50 \u20ac, du\u017eina staze je 110 km (Capadocia), Italija 119 \u20ac, du\u017eina staze je 119 km (Lavaredo).<\/p>\n<p>Spoljnu ekonomsku lako\u0107u u organizaciji maratona nama remeti unutra\u0161nja zebnja i ekonomska slabost koja je dugi niz godina prisutna na na\u0161im prostorima.<\/p>\n<p>Da bi se uspe\u0161no organizovao maraton, potrebna su znatna finansijska sredstava. Ka\u017eu nam, kriza je, mi ka\u017eemo, bila je i do sada, ali bilo je i dobrih ljudi, a samo dobri ljudi prave dobar svet i njihova pomo\u0107 nije izostala, pa je svih ovih godina bilo i maratona. Godinama nas ube\u0111uju, po\u010dnite da napla\u0107ujete\u00a0<strong>kotizaciju<\/strong>\u00a0od svakog u\u010desnika maratona i tako se finansirajte, jer u kapitalizmu, sistemu kome te\u017eimo, trguje se svim i sva\u010dim, pa i ljudskim dostojanstvom, sve ima svoju cenu, sve je na prodaju.\u00a0<strong>Svedoci ste, sve do 2015. godine, nismo ih slu\u0161ali.<\/strong><\/p>\n<p><strong>Odvojili smo se od Boga, vere, istine, odvojili smo se od svega, osim od greha.<\/strong><\/p>\n<p>I ovako otu\u0111eni, \u010dvrsto smo verovali da ovo stanovi\u0161te, i pored dobrog, delimi\u010dnog, utemeljenja, ne treba primeniti na na\u0161 slu\u010daj. Posebno ne u vremenu i u prilikama u kojima \u017eivimo. Za 39 godina, koliko traje neprekidno maraton, propale su 4 dr\u017eave, pre\u017eiveli smo rat \u201991\/92. godine, embargo \u201992\/93., pa i NATO-bombardovanje \u201999. godine, istrpeli smo divljanje inflacije \u201992\/93. godine, oduprli smo se svih ovih godina varioli, pti\u010djem i svinjskom gripu, iz komunizma stigli u demokratiju,\u00a0<strong>i sve ovo vreme ni od jednog u\u010desnika (bilo ih je do 2015. godine preko 206.000), nismo uzeli ni jedan jedini dinar.<\/strong><\/p>\n<p>Dr\u017eave su propadale, ratovi po\u010dinjali i zavr\u0161avali se, inflacije divljale i jenjavale, a mi ipak, u inat svemu, no\u0161eni ljubavlju prema prirodi, aprilskoj rosi, majskoj ki\u0161i i majskom sun\u010danom danu, sve to smo pre\u017eiveli i, evo, jo\u0161 uvek trajemo.\u00a0<strong>I nije fer da sada, kada smo do\u010dekali demokratiju, stavimo katanac na organizaciju Maratona. Dosta smo toga na ovim prostorima do sada ve\u0107 zakatan\u010dili, a katan\u010dimo i dalje, pa bismo jako voleli da na\u0161 maraton ne do\u017eivi tu sudbinu<\/strong>.<\/p>\n<p>Svih ovih proteklih godina, na\u0161 Maraton je finansijski pomagao Grad Novi Sad sa svojom privredom, a na na\u0161em maratonu je za u\u010desnike sve bilo besplatno, po\u010dev od prijavnog lista, kontrolne knji\u017eice, stalne knji\u017eice, diplome, zna\u010dke, \u010daja, koji se kuva na 15 razli\u010ditih punktova, ru\u010dka \u2013 vojni\u010dkog pasulja, koji su pripremali Vrdni\u010dani, ve\u010dere sa desertom-krofnama, koju su pripremali Nafta\u0161i na Letenki, kola\u010da za decu pred\u0161kolskog uzrasta, limuna, kocki \u0161e\u0107era\u2026.<\/p>\n<p>Mi, organizatori, amateri, na jedan korektan i profesionalan na\u010din, godinama radimo ovaj posao sa puno ljubavi i\u00a0<strong>bez ikakve naknade<\/strong>, a za organizaciju maratona damo preko 14.500 sati dobrovoljnog rada. Postavljamo, \u010distimo, merimo, markiramo preko 216 km staza. Procena je da na stazama maratona imamo preko 8.500 markacija, u velikoj ve\u0107ini to je beo krug sa crvenim srcem u sredini, ponegde su to crveno-bele \u0161trafte, ponegde strelice, i drugi adekvatni znaci, kao \u0161to su reflektuju\u0107e trake na no\u0107nom delu staze. Sve se ovo radi sa najmanje 3 do 4 prolaza, \u0161to zna\u010di da ukupno ovim stazama\u00a0<strong>u rad<\/strong><strong>u<\/strong>\u00a0<strong>pe\u0161ice<\/strong>\u00a0<strong>pr<\/strong><strong>e<\/strong><strong>\u0111emo<\/strong>\u00a0preko 860 km i sve to u planinsko-\u0161umskoj divljini. U toku godine prikupljamo svu potrebnu dokumentaciju, po\u010dev od bezbednosne, saobra\u0107ajne i druge, a u dane maratona, nas oko 500, de\u017eura na kontrolnim ta\u010dkama (od kojih su neke otvorene preko 30 sati). Radimo na START-u i CILJ-u, brinemo brigu o bezbednosti, Hitnoj i Prvoj pomo\u0107i, radimo statistiku i sve administrativne, pravne i finansijske poslove, i jo\u0161 puno, puno toga. To \u0161to smo sirotinja, \u0161to smo radili bez para, \u010dista srca i sa puno iskrene ljubavi je sr\u017e na\u0161eg opstanka, bez ijednog jedinog ekscesa i bez ijedne ru\u017ene senke svih ovih godina. Ni\u0161ta nema u na\u0161oj pro\u0161losti \u010dega bismo se morali stideti i \u0161ta bismo \u017eeleli da zaboravimo. Naprotiv, puno je toga \u010dega se s ponosom se\u0107amo, \u0161to nam daje snagu da trajemo i istrajemo i u te\u0161kim vremenima.<\/p>\n<p>Mislili smo, po\u010dnemo li napla\u0107ivati kotizaciju podeli\u0107emo se, ve\u0107 ionako podeljeni, i u ovom segmentu \u017eivota, na one koji mogu da plate i do\u0107i \u0107e na maraton, i na one koji ne mogu da plate, i osta\u0107e kod ku\u0107e.\u00a0<strong>U tom slu\u010daju mi nismo bili spremni da organizujemo maraton.<\/strong><\/p>\n<p>I uvek, sve do 2015. godine, posle dobro sagledane situacije, na\u0161 kona\u010dan stav je bio da na maratonu sve treba da bude besplatno i da ni od jednog deteta ne treba naplatiti u\u010de\u0161\u0107e na Fru\u0161kogorskom maratonu.<\/p>\n<p><strong>Obraz nije na prodaju, de\u010diji osmeh nema cenu i niko nema pravo da ru\u0161i de\u010dije snove. Ne diraj u snove, ka\u017ee Lorka, radije se igraj vatrom.<\/strong><\/p>\n<p>Ozbiljni smo i odgovorni i u potpunosti razumemo da je danas ekonomsko stanje te\u0161ko,\u00a0<strong>nema se<\/strong>, ali znamo i onu narodnu da<\/p>\n<p><strong>Ne daje onaj ko ima, ve\u0107 onaj ko ho\u0107e da da.<\/strong><\/p>\n<p>I onu drugu narodnu mudrost<\/p>\n<p><strong>Da zlo cveta i kriza i beda nastaju kad dobri ljudi na rade ni\u0161ta.<\/strong><\/p>\n<p><strong>Uz du\u017eno po\u0161tovanje i zahvalnost isti\u010demo da je dobrih ljudi, koji su hteli da nam pomognu, bilo i do sada, a, nadamo se, bi\u0107e ih i u vremenu koje dolazi.<\/strong><\/p>\n<p><strong>Na\u017ealost, ovoj pri\u010di 2015. godine, ovde nije bio kraj.<\/strong><\/p>\n<p>&nbsp;<\/p>\n<p>Svi u glas govore \u201cNe mo\u017eete vi\u0161e raditi kao \u0161to ste radili do sada! DO\u0160LA SU DRUGA VREMENA.\u201d<\/p>\n<p>&nbsp;<\/p>\n<p>\u010cvrsto stojim na stanovi\u0161tu da se vreme nije promenilo, promenuli su se ljudi, i ti novi ljudi, uspeli su za relativno kratko vreme da pogaze sve na\u0161e tradicionalne vrednosti i u ime demokratije i raznoraznih prava, doneli su nepotrebno komplikovane propise i birokratske procedure, koje se iz godine u godinu sve vi\u0161e uslo\u017eavaju, i svojom brutalno\u0161\u0107u u primeni gu\u0161e sve, pa i normalan \u017eivot.<br \/>\nZa maraton, koji traje samo dva dana i jednu no\u0107, pored 14.500 sati volonterskog rada, jedan stalno zaposleni, a mo\u017eda i dvoje, danas treba da rade puno radno vreme tokom cele godine da bi se udovoljilo svim zakonskim formalnostima.<br \/>\nVi\u0161e se ne vidimo od papira, a svaki papir i procedura ko\u0161ta, pa vi procenite i sami da li je ovo normalno ili nije. Kako god presudili, to je tako, i tu se danas ni\u0161ta ne mo\u017ee.<\/p>\n<p><strong>Dozvolite mi da posle toliko godina, ne\u0161to ka\u017eem i o sebi.<\/strong><\/p>\n<p>Prisutan sam u pri\u010di koja se zove Planinarski maraton u Fru\u0161koj gori punih 39 godina.<\/p>\n<p>Na \u010delu maratona sam punih 20 godina, ova 2017. je dvadeset prva.<\/p>\n<p>Slo\u017ei\u0107ete se, sve su ovo dugi vremenski periodi.<\/p>\n<p>Kada \u010dovek odmakne na svom \u017eivotnom putu i kada se zagleda u svoju pro\u0161lost i ako je dobro razume, ima pravo da se upita da li je u vezi ne\u010dega dobro ili lo\u0161e postupio.<\/p>\n<p>Istine radi, mora se re\u0107i, da na \u010delo maratona\u00a0<strong>nikada nisam dolazio samo svojom voljom<\/strong>, i zato \u0161to sam to ja \u017eeleo i hteo.<\/p>\n<p>Naprotiv,<\/p>\n<p>sve je bilo obrnuto. Na \u010delo Maratona sam stao samo onda kada je organizacija maratona bila progla\u0161ena \u201cnemogu\u0107om misijom\u201d, kada u kasi nije bilo ni jednog jedinog dinara i kada su bile izuzetno te\u0161ke godine i prilike i kada maraton niko drugi nije hteo i kada se lomilo da li \u0107e maraton pre\u017eiveti ili \u0107e se ugasiti.<\/p>\n<p>Prevagnula je racionalna svest u meni, utemeljena na podatku da na ovoj manifestaciji u\u010destvuje veliki broj ljudi, pre svega mladih. Nekoliko godina unazad, taj broj se kre\u0107e od 14.000 do 20.000 u\u010desnika i to govori o potrebi njegovog postojanja, kao i da se\u00a0<strong>ne sme<\/strong>\u00a0dozvoliti da se ova manifestacija ugasi.<\/p>\n<p>Vreme je pokazalo da sam u okru\u017eenju\u00a0<strong>dobrih ljudi<\/strong>\u00a0na\u0161ao snage i iskrene volje da to i ostvarim i da tako\u00a0<strong>slu\u017eim dobru<\/strong>. Znaju\u0107i onu veliku istinu da \u201c\u017eivimo samo jednom, i ako radimo kako treba, i jednom je dovoljno\u201d.<\/p>\n<p>Te\u0161ko je raditi ovako dugo u zemlji bez temelja, ku\u0107i bez zidova iz koje lo\u0161i \u0111aci be\u017ee iz \u0161kole, a odli\u010dni be\u017ee iz dr\u017eave. Nije najve\u0107i problem dr\u017eave Srbije to \u0161to najbolji odlaze, ve\u0107 \u0161to lo\u0161i ostaju i \u0161to je samo njima, u dana\u0161nje vreme, u ovom intelektualnom vakuumu zagarantovana, uz pomo\u0107 partije, lepa perspektiva.\u00a0<strong>Radi\u0107e sa puno strasti ono \u0161to vole, a ne znaju, posta\u0107e bogati, mo\u0107ni, ugledni, vi\u0111eni, dr\u017ea\u0107e nam lekcije o svemu i sva\u010demu i odlu\u010diva\u0107e o na\u0161im \u017eivotima i na\u0161im sudbinama.<\/strong><\/p>\n<p><strong>Sistem u kome danas \u017eivimo skrojili su nam, iz osvete, lo\u0161i \u0111aci i brane ga zidom neznanja, nenadle\u017enosti, bahatosti i primitivizma svake vrste.<\/strong><\/p>\n<p><strong>\u010cuvao sam maraton i njegovu \u010disto\u0107u svih ovih godina. \u010cuvao sam ga svih ovih godina i od partijskog uticaja, znaju\u0107i da gde u\u0111e\u0161 puze\u0107i, nema ustajanja.<\/strong><\/p>\n<p><strong>Koliko sam u tome bio uspe\u0161an, sudite Vi.<\/strong><\/p>\n<p><strong>Dakle, odabrao sam te\u017ei put.<\/strong><\/p>\n<p><strong>Da sam i\u0161ao drugim putem, verovatno sve ovo danas ne bih ni pisao.<\/strong><\/p>\n<p>Za ve\u0107inu nas, \u010dije se trajanje u maratonu meri decenijama, dovoljno je re\u0107i da smo odavno prevalili 70-tu godinu \u017eivota, ali i danas, sa punom stra\u0161\u0107u i iskrenom voljom radimo posao oko organizacije maratona na jednom, krajnje profesionalnom, nivou,\u00a0<strong>bez ikakve materijalne nadoknade<\/strong>.<\/p>\n<p>Godine \u010dine svoje, osipamo se polako i prirodnim putem. Odlaze nam ljudi u bolji i lep\u0161i svet. Rekao bih, odlaze i generacije me\u0111u kojima je bilo i onih pojedinaca, koji su bili spremni da, ne \u0161tede\u0107i sebe ni malo, za op\u0161te dobro daju sve.<\/p>\n<p>Neko \u0107e pomisliti da smo br\u017ee starili nego \u0161to smo postajali mudri.<\/p>\n<p>Mladi, danas, imaju drugi pogled na svet.<\/p>\n<p><strong>Razumem ih.<\/strong><\/p>\n<p>Razumem sav dana\u0161nji nara\u0161taj koji se s\u00ad mukom probija kroz zamagljene predele istorijskog nasle\u0111a, koje smo im mi ostavili i tu je na\u0161a krivica.<\/p>\n<p>I stoga, mi nemamo pravo da od mladog \u0161kolovanog \u010doveka, po pravilu nezaposlenog, materijalno neobezbe\u0111enog, tra\u017eimo da radi besplatno i da to traje godinama.<\/p>\n<p>I, tako smo do\u0161li u poziciju da su se pred nama 2015. godine otvorila dva puta.<\/p>\n<p><strong>Jedan, lak\u0161i, je da 38. maraton bude i poslednji.<\/strong><\/p>\n<p><strong>Drugi,<\/strong>\u00a0da i mi od 2015. godine poku\u0161amo da, uz Va\u0161e razumevanje i saglasnost, obezbedimo da bar delimi\u010dno maraton bude materijalno obezbe\u0111en i samoodr\u017eiv, a to dalje zna\u010di da putem naplate kotizacije, od prikupljenih sredstava, mo\u017eemo da pokrijemo deo materijalnih tro\u0161kova i celu zaradu za zaposleno lice odgovaraju\u0107e visoke \u0161kolske spreme, kojem bi rad na organizaciji maratona bio \u017eivotno opredelenje i profesija.<\/p>\n<p>U okolnostima u kojima \u017eivimo, i sa \u017eeljom da maraton traje i dalje,\u00a0<strong>dobrog izbora nismo imali,\u00a0<\/strong>i zato, iako ne mojom voljom i sve\u0161\u0107u da je to dobro, poku\u0161ali smo da krenemo ovim drugim putem, a da tada nisam znao gde \u0107emo sti\u0107i i \u0161ta \u0107e nas sve na ovom putu \u010dekati.<\/p>\n<p>Bolja vremena ne dolaze sama, ona se stvaraju tamo gde se zateknemo i sa onim \u0161to imamo.<\/p>\n<p>Prvu opciju, da prekinemo sa organizacijom maratona mogli smo primeniti i slede\u0107e godine ili bilo koje druge koja dolazi, sa sve\u0161\u0107u da bi se mo\u017eda, u me\u0111uvremenu, ne\u0161to i promenilo.<\/p>\n<p>Shvatanje da ovaj posao treba profesionalno da rade mladi, obrazovani ljudi, odavno je prisutno kod mene,\u00a0<strong>a sada je to i jedini izbor<\/strong>, jer maraton, kako godinama unazad, tako i danas,\u00a0<strong>niko ne\u0107e da preuzme na volonterskoj osnovi.<\/strong><\/p>\n<p>Du\u017enost nas starijih je da dok postojimo i dok jo\u0161 mo\u017eemo, mla\u0111em nara\u0161taju prenesemo na\u0161e znanje i iskustvo.\u00a0<strong>Ta pomo\u0107 ne\u0107e izostati ni sada.<\/strong><\/p>\n<p><strong>I to sve pod uslovom svih uslova<\/strong>, da manifestacija maratona mora biti otvorena za sve ljubitelje prirode i rekreacije u njoj i da joj se mora sa\u010duvati \u010disto\u0107a i pored toliko prljav\u0161tine koja je oko nas. Sve \u0107e ovo biti daleko lak\u0161e ako se na ove prostore, za po\u010detak, ponovo vrati ose\u0107anje sramote i stida, koji su sada u nestajanju, a ponegde ih je i potpuno nestalo.<\/p>\n<p><strong>i<\/strong><\/p>\n<p><strong>jo\u0161 pod jednim uslovom,<\/strong>\u00a0da se za one, koji iz bilo kojih razloga, ne mogu da plate kotizaciju, mora omogu\u0107iti da u\u010de\u0161\u0107e na maratonu bude potpuno\u00a0<strong>besplatno<\/strong><strong>,\u00a0<\/strong>ili znatno jeftinije od cene kotizacije za tu godinu.<\/p>\n<p>I tako, u okolnostima u kojima smo se na\u0161li u prole\u0107e 2015. godine, suo\u010dili smo se sa strahom da ako ne\u0161to ne promenimo u na\u010dinu finanasiranja maratona,\u00a0<strong>zla sudbina \u0107e nam zakatan\u010diti maraton.<\/strong><\/p>\n<p><strong>I katanac i klju\u010dar su bili tu.<\/strong><\/p>\n<p>U \u017eelji da na\u0161 maraton ne do\u017eivi tu sudbinu doneli smo te\u0161ku,\u00a0<strong>nikad te\u017eu<\/strong>, odluku da od 2015. godine po\u010dnemo napla\u0107ivati od u\u010desnika maratona\u00a0<strong>minimalnu kotizaciju<\/strong>\u00a0i tako ovoj manifestaciji omogu\u0107imo dalje trajanje.<\/p>\n<p>Cena ove odluke je bila\u00a0<strong>previsoka<\/strong>. Zavladao je mrak, a sa njim i era totalnog bez\u010da\u0161\u0107a i ostalih darova slobode bez morala. La\u017e je re\u010d koja je horski ujedinila sve one koji ni\u0161ta dobro za maraton 38 godina nisu uradili i one koji o maratonu ne znaju savr\u0161eno ni\u0161ta. I sada, oni odjednom na sav glas pla\u010du nad njegovom sudbinom.<\/p>\n<p>Uvreda uvredu je stizala, napadali su nas neistinom, bestidnim la\u017eima \u201cNapla\u0107ujete 2000,<\/p>\n<p>3000,\u00a05000\u2026\u2026kotizaciju\u201d<\/p>\n<p>A,<\/p>\n<p><strong>jedina prava proverljiva istina je da je 96,3% od blizu 10.000 u\u010desnika maratona 2015. godine platilo kotizaciju od 100 dinara<\/strong>\u00a0(ako su uplatu izvr\u0161ili pre dana odr\u017eavanja maratona), a 200 dinara su platili samo oni koji su uplatu izvr\u0161ili na sam dan maratona. Pore\u0111enja radi, napominjemo da je cena autobuske karte od Novog Sada do starta maratona na Popovici, i nazad do Novog Sada, bila 220,00 dinara.<\/p>\n<p>Tako\u0111e, istina je da je na maratonu bilo i preko 3000 onih koji su podlegli kampanji i nisu hteli da plate kotizaciju.<\/p>\n<p>Dakle, najte\u017ei ispit polagali smo te, 2015. godine. Pitanje za milion dolara je bilo tada, a i sada je,\u00a0<strong>ho\u0107emo li u novim okolnostima, sada kada smo po\u010deli napla\u0107ivati kotizaciju, uspeti da sa\u010duvamo \u010disto\u0107u maratona i<\/strong>\u00a0<strong>ho\u0107emo li sa\u010duvati toliko potreban mir, slogu i jedinstvo u ovom velikom i slo\u017eenom poduhvatu<\/strong>.<\/p>\n<p>Neke od nas, koji smo u ovoj pri\u010di decenijama, pojedini i 39 godina, i za to vreme maratonu smo dali puno toga, a od maratona nismo uzeli ni\u0161ta, tro\u0161ili ste surovo, jeftino i nedostojno. Vre\u0111aju\u0107i nas bez i jednog dokaza i valjanog razloga, sa brutalnim nedostatkom elementarne pristojnosti, upu\u0107uju\u0107i nam najte\u017ee uvrede \u201cla\u017eete, kradete\u201d, i onu najgoru: \u201cdabogda za ovaj novac kupili lekove\u201d.<\/p>\n<p>Poku\u0161ali ste da se u kolektiv, koji bez ikakave materijalne koristi radi, evo, ve\u0107 40-tu godinu na organizovanju maratona, unese seme razdora, seme podela, tek toliko da se poka\u017ee da mi Srbi ni\u0161ta ne mo\u017eemo uraditi u slozi i zajedni\u0161tvu i da su nam razdori i podele sudbina.<\/p>\n<p><strong>\u017deleli smo da u ovoj svojoj nameri ne uspete<\/strong>.<\/p>\n<p><strong>Pravda i istina su bili na na\u0161oj strani.<\/strong><\/p>\n<p>Na \u017ealost, istovremeno, svesni smo da stvarnost mo\u017ee biti i druga\u010dija.<\/p>\n<p>\u017divimo u zemlji Srbiji, koja je danas napa\u0107ena, osiroma\u0161ena, pokradena, izneverena i uni\u017eena.<\/p>\n<p>Sve ovo \u0161to se danas u dru\u0161tvu de\u0161ava, a nije dobro, lako se mo\u017ee preliti u na\u0161u malu sredinu.<\/p>\n<p>Kod slabih i malih ljudi zlo \u0107e uvek na\u0107i plodno tlo.<\/p>\n<p>Okru\u017eenje u kojem \u017eivimo stvara emotivno tupe ljude, koji nemaju pozitivnih vibracija, koji ne umeju da razlikuju dobro od zla, koji ne umeju da vole, ali zato sa puno strasti mrze sve \u0161to je oko njih.<\/p>\n<p>Ni\u0161ta im sveto nije.<\/p>\n<p>Boga se ne boje.<\/p>\n<p>Bogu se ne mole, ve\u0107 se kunu krivo za nepravdu.<\/p>\n<p>Odvojili su se od vere, istine, i verni su samo svom neverstvu.<\/p>\n<p>Utonuli su u la\u017e i u\u017eivaju u grehu i bez\u010da\u0161\u0107u.<\/p>\n<p>Ima tih malih ljudi svuda oko nas, koji svakodnevno probaju da sru\u0161e sve \u0161to je oko njih vi\u0161lje i uspravno, ne bi li tako sve sa sobom izravnali. Besramno razgra\u0111uju ono \u0161to su drugi stvorili i u \u010dijem stvaranju nisu u\u010destvovali.\u00a0<strong>Sve rasku\u0107e \u0161to je zaku\u0107eno.<\/strong><\/p>\n<p>Ti ljudi, koji se hrane mr\u017enjom, a da pri tom nikad nisu na dijeti, kada se njihova la\u017e horskom bukom daleko \u010dula, ozbiljno i danas poku\u0161avaju da razbiju ugaoni kamen na kojem je na\u0161 maraton temeljen. Da razbiju veru, nadu, ljubav, slogu i jedinstvo koje smo godinama gradili.<\/p>\n<p><strong>I<\/strong><strong>\u00a0<\/strong><\/p>\n<p><strong>gde smo sada?<\/strong><\/p>\n<p>Pored svih muka, koje smo oko organizacije maratona do sada imali,<\/p>\n<p>od sada, mora\u0107emo se boriti i sa\u00a0<strong>zlom<\/strong><strong>.<\/strong><\/p>\n<p>Podse\u0107am vas, a ovde je ve\u0107 re\u010deno,\u00a0<strong>zlo cveta i kriza i beda nastaju kada dobri ljudi ne rade ni\u0161ta<\/strong>.<\/p>\n<p>Ujedinimo se, dobri ljudi, ne dajmo da nam zlo uni\u0161ti na\u0161u bajku zvanu Planinarski maraton na Fru\u0161koj gori.<\/p>\n<p>Svi mi koji smo sada u maratonu moramo biti svesni da smo mnogo toga nasledili od predhodnih generacija i na\u0161e je da to \u0161to imamo samo pa\u017eljivo odr\u017eavamo i sa\u010duvamo.\u00a0<strong>A dobro bi bilo da svojim pregnu\u0107em neke stvari, na op\u0161tu korist, ka dobru pomerimo.<\/strong><\/p>\n<p><strong>Proteklih 39 godina obavezuju i ne daju nam za pravo da se sve\u0107a danas ugasi u na\u0161im rukama.<\/strong><\/p>\n<p>Neka nas motivi\u0161e saznanje da su deca i omladina najranjivije kategorije u neure\u0111enim i tranzicionim dru\u0161tvima, i da je njima potrebna pomo\u0107 u borbi sa nizom po\u0161asti: drogom, alkoholom, sektama, nekulturom, la\u017enim uzorima\u2026.<\/p>\n<p>Na na\u0161em maratonu, i sli\u010dnim manifestacijama, mogu se potra\u017eiti neki od odgovora na ove izazove.<\/p>\n<p>\u0160to su vremena te\u017ea, mladima je potrebno vi\u0161e dru\u017eenja, takmi\u010denja, pravih uzora, duh okupljanja, negovanja tradicije, porodice, vere i zdravih vrednosti.<\/p>\n<p>U svemu ovde re\u010denom, mladi \u0107e prona\u0107i poneki odgovor na sve te\u017ee izazove doba u kome \u017eivimo.<\/p>\n<p><strong>Va\u017eno je da znate i ovo, posebno da znaju oni koji su nam po\u017eeleli da za novac dobijen od kotizacije kupimo lekove.<\/strong><\/p>\n<p><strong>Bogu hvala, zdravi smo.<\/strong><\/p>\n<p>&nbsp;<\/p>\n<p>Razume se, ne\u0107emo sav ovaj novac dr\u017eati svo vreme na teku\u0107em ra\u010dunu, ali tro\u0161i\u0107emo ga doma\u0107inski, samo onda kada do\u0111e vreme za to i u svrhe i namene za koje je prikupljen.<\/p>\n<p><strong>I jo\u0161 jedna va\u017ena napomena<\/strong>\u00a0\u2013\u00a0<strong>ne samo da smo zdravi, i na broju smo, i me\u0111u nama ima i mladih od kojih o\u010dekujemo da u skorije vreme ovo breme \u2013 breme maratona prihvate na svoja ple\u0107a.<\/strong><\/p>\n<p><strong>Sve ovo nam omogu\u0107ava da vam sa rado\u0161\u0107u saop\u0161timo da \u0107e na\u0161eg i va\u0161eg Planinarskog maratona biti 22. i 23. aprila 2017. godine.<\/strong><\/p>\n<p>&nbsp;<\/p>\n<p>Na kraju, pita\u0107ete:<\/p>\n<p>\u201cGde je Grad Novi Sad u svemu tome?\u201d<\/p>\n<p>\u201cI gde je na\u0161a Autonomna pokrajina Vojvodina?\u201d<\/p>\n<p>&nbsp;<\/p>\n<p>Sa du\u017enom zahvalno\u0161\u0107u i po\u0161tovanjem, uvek i u svakoj prilici, isti\u010demo da od 39 do sada u neprekinutom nizu, odr\u017eanih Planinarskih maratona na Fru\u0161koj gori,\u00a0<strong>nijedan ne bi bio odr\u017ean bez pomo\u0107i Grada Novog Sada,\u00a0<\/strong>\u00a0prevashodno zbog pomo\u0107i koju Grad pru\u017ea,\u00a0<strong>a posebno u delu gde se iz bud\u017eeta Grada obezbe\u0111uje vrlo zna\u010dajna komponenta \u2013\u00a0<\/strong><strong>novac<\/strong><strong>, koji pokriva oko jedne petine ukupne vrednosti maratona<\/strong>.<\/p>\n<p>Pored novca, gradska javna i javno-komunalna preduze\u0107a sve svoje usluge maratonu pru\u017eaju potpuno besplatno.<\/p>\n<p>Tu je i Autonomna pokrajina Vojvodina.<\/p>\n<p>&nbsp;<\/p>\n<p>Ne sa manjom zahvalno\u0161\u0107u i po\u0161tovanjem, isti\u010demo vrlo vrednu pomo\u0107 Pokrajinskog sekretarijata za sport i omladinu, koji nam poma\u017ee u opremanju staza maratona i opremanju kontrolnih ta\u010daka na trasi maratona, pomo\u0107 ne izostaje ni u drugim poslovima, \u0161tamparskim i sli\u010dnim uslugama.<\/p>\n<p>I na kraju, sve ovo nije dovoljno da bi se odr\u017eao maraton, pa su tu i na\u0161ih, preko 14.500 sati besplatnog rada i pomo\u0107 velikog broja dobrotvora koji dosta toga za potrebe maratona besplatno porade.<\/p>\n<p>Danas je maraton lek, maraton je sport, ljubav, hobi, lepota dru\u017eenja\u2026 sve vi\u0161e otu\u0111enih ljudi koje spaja priroda i lepota u njoj.<\/p>\n<p><strong>Vreme je pokazalo da sam po\u010detkom 2015. godine bio u zabludi tragaju\u0107i za ljudskosti u svetu gde je sve manje ima.<\/strong><\/p>\n<p><strong>Po\u010detkom 2016. godine ponovo sam bio u zabludi veruju\u0107i da \u0107e neznanje, bahatost, primitivizam, la\u017e, lenjost\u2026 ustuknuti pred obrazovanjem, smerno\u0161\u0107u, pristojno\u0161\u0107u, istinom, pregala\u0161tvom\u2026<\/strong><\/p>\n<p><strong>Svake godine sve nam je te\u017ee i te\u017ee, ne zbog te\u0161kih prilika i zlih ljudi, ve\u0107 zbog dobrih ljudi, umornih od \u010dekanja boljih dana, koji sve manje rade.\u00a0\u00a0<\/strong><strong>\u00a0<\/strong><\/p>\n<p><strong>U 2017. godini treba se sna\u0107i, kako \u010dasno i \u010destito pre\u017eiveti u talasu pohlepe, otima\u010dine, primitivizma, prostakluka koji stvaraju plodno tlo za svako zlo i zlo\u0107udnost.<\/strong><\/p>\n<p><strong>U nastupaju\u0107oj godini ne smemo dozvoliti da neznanje, bahatost, primitivizam, la\u017e, lenjost, interes, otima\u010dina, pohlepa\u2026. dobiju prednost nad obrazovanjem, smerno\u0161\u0107u, pristojno\u0161\u0107u, \u010disto\u0107om, istinom, pregala\u0161tvom\u2026.<\/strong><\/p>\n<p><strong>\u0160ta nas jo\u0161 \u010deka u 2017. godini?<\/strong><\/p>\n<p><strong>Jedno je sigurno, \u010deka nas 40. po redu Maraton na Fru\u0161koj gori.<\/strong><\/p>\n<p><strong>To mora biti godina u kojoj moramo da odbranimo prag koji nije za katanac.<\/strong><\/p>\n<p><strong>Svesni smo da zlo ima nesrazmerno ja\u010du magnetnu silu od dobra i zbog toga moramo na\u0107i snage i volje u me\u0111usobnom pomaganju da dobro nad zlom prevlada.<\/strong><\/p>\n<p><strong>Ovo \u010detrdesetogodi\u0161nje trajanje u vremenu i prostoru, obavezuje nas da Maraton dostojno obele\u017eimo<\/strong><\/p>\n<ol start=\"22\">\n<li><strong>i 23. aprila 2017. godine.<\/strong><\/li>\n<\/ol>\n<p><strong>U ovom \u0107emo sigurno uspeti samo ako u prvi plan stavimo radost drugih<\/strong><strong>,<\/strong>\u00a0<strong>a ne svoju korist.<\/strong><\/p>\n<p><strong>Zahvaljuju\u0107i putu kojim smo krenuli 2015. godine uz Va\u0161u ve\u0107insku podr\u0161ku i razumevanje, stvoreni su svi preduslovi da rad na organizaciji maratona prepustimo mladnim obrazovanim, stru\u010dnim i sposobnim ljudima.<\/strong><\/p>\n<p><strong>\u00a0<\/strong><\/p>\n<p><strong>Da ponovim jo\u0161 jednom,<\/strong><\/p>\n<p><strong>\u017eivimo u zemlji Srbiji, koja je danas napa\u0107ena, osiroma\u0161ena, pokradena, izneverena, uni\u017eena,<\/strong><\/p>\n<p><strong>i da dopunim,<\/strong><\/p>\n<p><strong>u kojoj su neizvesnost i bezna\u0111e stvorili svakodnevnicu kojoj preti opasnost da mr\u017enja, u nedostatku iskrene ljubavi, postane dominantna emocija, a stvarala\u0161tvo i pregala\u0161tvo progla\u0161eno za jeres.<\/strong><\/p>\n<p><strong>I u tim okolnostima, ja sam rad na maratonu ose\u0107ao kao dug prema precima i zalog potomcima.<\/strong><\/p>\n<p><strong>\u00a0<\/strong><\/p>\n<p><strong>U \u010dvrstoj veri da:<\/strong><\/p>\n<ul>\n<li><strong>maraton treba sa\u010duvati,<\/strong><\/li>\n<li><strong>sa savremenicima ga podeliti,<\/strong><\/li>\n<li><strong>i u zalog budu\u0107im nara\u0161tajima ostaviti.<\/strong><\/li>\n<\/ul>\n<p><strong>\u00a0\u00a0\u00a0\u00a0\u00a0\u00a0\u00a0\u00a0\u00a0\u00a0\u00a0 Danas treba da se klonemo podele i razdora i da po\u0161tujemo duboke korene maratona i njegovo trajanje.<\/strong><\/p>\n<p><strong>\u00a0\u00a0\u00a0\u00a0\u00a0\u00a0\u00a0\u00a0\u00a0\u00a0\u00a0 Dok je nas starijih, koji na razmicanju dana od no\u0107i, krpimo \u0161avove svojih \u017eivota, a jo\u0161 mo\u017eemo i znamo, obaveza nam je da svoje znanje i iskustvo prenesemo mla\u0111em nara\u0161taju.<\/strong><\/p>\n<p><strong>2017-ta godina je ta godina<\/strong><\/p>\n<p><strong>\u00a0\u00a0\u00a0\u00a0\u00a0\u00a0\u00a0\u00a0\u00a0\u00a0\u00a0 O\u010dekujem da \u0107e mladi svojom sve\u017einom, znanjem, novom energijom zna\u010dajno unaprediti organizaciju maratona u godinama koje dolaze.<\/strong><\/p>\n<p><strong>\u00a0\u00a0\u00a0\u00a0\u00a0\u00a0\u00a0\u00a0\u00a0\u00a0\u00a0 Tragi\u010dno bi bilo da na\u0161im odlaskom provala oblaka navu\u010de blato u na\u0161u Fru\u0161ku goru i u trule\u017ei blata i mo\u010dvare nestane i na\u0161a bajka\u00a0<\/strong><strong>Planinarski maraton na Fru\u0161koj gori.<\/strong><\/p>\n<p>Predsednik Organizacionog odbora<br \/>\nPlaninarskog maratona na Fru\u0161koj gori<br \/>\nMilivoj K. Nastasi\u0107<\/p>\n<p>&nbsp;<\/p>\n<ul>\n<li>Preuzimite dokument u pdf formatu (<a href=\"https:\/\/www.fruskogorski-maraton.com\/dokument\/2017\/INFORMACIJA_2017.pdf\" target=\"_blank\" rel=\"noopener noreferrer\">download<\/a>)<\/li>\n<\/ul>\n","protected":false},"excerpt":{"rendered":"<p>PL\u0410NIN\u0410RSKI \u041c\u0410R\u0410\u0422\u041eN N\u0410 FRU\u0160K\u041e\u0408 G\u041eRI INFORMACIJA Ukratko o Maratonu i nama: ko smo, \u0161ta&#8230;<\/p>\n","protected":false},"author":4,"featured_media":0,"parent":0,"menu_order":0,"comment_status":"closed","ping_status":"closed","template":"template-parts\/template-innerpage.php","meta":{"_acf_changed":false,"footnotes":""},"class_list":["post-1465","page","type-page","status-publish","hentry"],"acf":[],"yoast_head":"<!-- This site is optimized with the Yoast SEO plugin v27.2 - https:\/\/yoast.com\/product\/yoast-seo-wordpress\/ -->\n<title>Introductory - Fru\u0161kogorski maraton - ukratko o maratonu i o nama<\/title>\n<meta name=\"description\" content=\"Planinarski maraton na Fru\u0161koj gori. Ukratko o maratonu i o nama. O nasim ciljevima i misiji. Maraton je sportsko takmi\u010darsko-rekreativna manifestacija...\" \/>\n<meta name=\"robots\" content=\"index, follow, max-snippet:-1, max-image-preview:large, max-video-preview:-1\" \/>\n<link rel=\"canonical\" href=\"https:\/\/www.fruskogorski-maraton.com\/en\/introductory\/\" \/>\n<meta property=\"og:locale\" content=\"en_US\" \/>\n<meta property=\"og:type\" content=\"article\" \/>\n<meta property=\"og:title\" content=\"Introductory - Fru\u0161kogorski maraton - ukratko o maratonu i o nama\" \/>\n<meta property=\"og:description\" content=\"Planinarski maraton na Fru\u0161koj gori. Ukratko o maratonu i o nama. O nasim ciljevima i misiji. Maraton je sportsko takmi\u010darsko-rekreativna manifestacija...\" \/>\n<meta property=\"og:url\" content=\"https:\/\/www.fruskogorski-maraton.com\/en\/introductory\/\" \/>\n<meta property=\"og:site_name\" content=\"Fru\u0161kogorski maraton\" \/>\n<meta property=\"article:publisher\" content=\"https:\/\/www.facebook.com\/fgmaraton\" \/>\n<meta property=\"article:modified_time\" content=\"2025-06-24T10:58:24+00:00\" \/>\n<meta name=\"twitter:card\" content=\"summary_large_image\" \/>\n<meta name=\"twitter:label1\" content=\"Est. reading time\" \/>\n\t<meta name=\"twitter:data1\" content=\"35 minutes\" \/>\n<script type=\"application\/ld+json\" class=\"yoast-schema-graph\">{\"@context\":\"https:\/\/schema.org\",\"@graph\":[{\"@type\":\"WebPage\",\"@id\":\"https:\/\/www.fruskogorski-maraton.com\/en\/introductory\/\",\"url\":\"https:\/\/www.fruskogorski-maraton.com\/en\/introductory\/\",\"name\":\"Introductory - Fru\u0161kogorski maraton - ukratko o maratonu i o nama\",\"isPartOf\":{\"@id\":\"https:\/\/www.fruskogorski-maraton.com\/#website\"},\"primaryImageOfPage\":{\"@id\":\"https:\/\/www.fruskogorski-maraton.com\/en\/introductory\/#primaryimage\"},\"image\":{\"@id\":\"https:\/\/www.fruskogorski-maraton.com\/en\/introductory\/#primaryimage\"},\"thumbnailUrl\":\"https:\/\/www.fruskogorski-maraton.com\/wp-content\/uploads\/2016\/02\/uvod-1.png\",\"datePublished\":\"2017-10-31T08:50:04+00:00\",\"dateModified\":\"2025-06-24T10:58:24+00:00\",\"description\":\"Planinarski maraton na Fru\u0161koj gori. Ukratko o maratonu i o nama. O nasim ciljevima i misiji. Maraton je sportsko takmi\u010darsko-rekreativna manifestacija...\",\"breadcrumb\":{\"@id\":\"https:\/\/www.fruskogorski-maraton.com\/en\/introductory\/#breadcrumb\"},\"inLanguage\":\"en-US\",\"potentialAction\":[{\"@type\":\"ReadAction\",\"target\":[\"https:\/\/www.fruskogorski-maraton.com\/en\/introductory\/\"]}]},{\"@type\":\"ImageObject\",\"inLanguage\":\"en-US\",\"@id\":\"https:\/\/www.fruskogorski-maraton.com\/en\/introductory\/#primaryimage\",\"url\":\"https:\/\/www.fruskogorski-maraton.com\/wp-content\/uploads\/2016\/02\/uvod-1.png\",\"contentUrl\":\"https:\/\/www.fruskogorski-maraton.com\/wp-content\/uploads\/2016\/02\/uvod-1.png\"},{\"@type\":\"BreadcrumbList\",\"@id\":\"https:\/\/www.fruskogorski-maraton.com\/en\/introductory\/#breadcrumb\",\"itemListElement\":[{\"@type\":\"ListItem\",\"position\":1,\"name\":\"\u041f\u043e\u0447\u0435\u0442\u043d\u0430\",\"item\":\"https:\/\/www.fruskogorski-maraton.com\/en\/\"},{\"@type\":\"ListItem\",\"position\":2,\"name\":\"Introductory\"}]},{\"@type\":\"WebSite\",\"@id\":\"https:\/\/www.fruskogorski-maraton.com\/#website\",\"url\":\"https:\/\/www.fruskogorski-maraton.com\/\",\"name\":\"Fru\u0161kogorski maraton\",\"description\":\"takmi\u010darsko-rekreativna manifestacija me\u0111unarodnog karaktera\",\"publisher\":{\"@id\":\"https:\/\/www.fruskogorski-maraton.com\/#organization\"},\"potentialAction\":[{\"@type\":\"SearchAction\",\"target\":{\"@type\":\"EntryPoint\",\"urlTemplate\":\"https:\/\/www.fruskogorski-maraton.com\/?s={search_term_string}\"},\"query-input\":{\"@type\":\"PropertyValueSpecification\",\"valueRequired\":true,\"valueName\":\"search_term_string\"}}],\"inLanguage\":\"en-US\"},{\"@type\":\"Organization\",\"@id\":\"https:\/\/www.fruskogorski-maraton.com\/#organization\",\"name\":\"Fru\u0161kogorski maraton\",\"url\":\"https:\/\/www.fruskogorski-maraton.com\/\",\"logo\":{\"@type\":\"ImageObject\",\"inLanguage\":\"en-US\",\"@id\":\"https:\/\/www.fruskogorski-maraton.com\/#\/schema\/logo\/image\/\",\"url\":\"https:\/\/www.fruskogorski-maraton.com\/wp-content\/uploads\/2017\/10\/logo.png\",\"contentUrl\":\"https:\/\/www.fruskogorski-maraton.com\/wp-content\/uploads\/2017\/10\/logo.png\",\"width\":234,\"height\":70,\"caption\":\"Fru\u0161kogorski maraton\"},\"image\":{\"@id\":\"https:\/\/www.fruskogorski-maraton.com\/#\/schema\/logo\/image\/\"},\"sameAs\":[\"https:\/\/www.facebook.com\/fgmaraton\"]}]}<\/script>\n<!-- \/ Yoast SEO plugin. -->","yoast_head_json":{"title":"Introductory - Fru\u0161kogorski maraton - ukratko o maratonu i o nama","description":"Planinarski maraton na Fru\u0161koj gori. Ukratko o maratonu i o nama. O nasim ciljevima i misiji. Maraton je sportsko takmi\u010darsko-rekreativna manifestacija...","robots":{"index":"index","follow":"follow","max-snippet":"max-snippet:-1","max-image-preview":"max-image-preview:large","max-video-preview":"max-video-preview:-1"},"canonical":"https:\/\/www.fruskogorski-maraton.com\/en\/introductory\/","og_locale":"en_US","og_type":"article","og_title":"Introductory - Fru\u0161kogorski maraton - ukratko o maratonu i o nama","og_description":"Planinarski maraton na Fru\u0161koj gori. Ukratko o maratonu i o nama. O nasim ciljevima i misiji. Maraton je sportsko takmi\u010darsko-rekreativna manifestacija...","og_url":"https:\/\/www.fruskogorski-maraton.com\/en\/introductory\/","og_site_name":"Fru\u0161kogorski maraton","article_publisher":"https:\/\/www.facebook.com\/fgmaraton","article_modified_time":"2025-06-24T10:58:24+00:00","twitter_card":"summary_large_image","twitter_misc":{"Est. reading time":"35 minutes"},"schema":{"@context":"https:\/\/schema.org","@graph":[{"@type":"WebPage","@id":"https:\/\/www.fruskogorski-maraton.com\/en\/introductory\/","url":"https:\/\/www.fruskogorski-maraton.com\/en\/introductory\/","name":"Introductory - Fru\u0161kogorski maraton - ukratko o maratonu i o nama","isPartOf":{"@id":"https:\/\/www.fruskogorski-maraton.com\/#website"},"primaryImageOfPage":{"@id":"https:\/\/www.fruskogorski-maraton.com\/en\/introductory\/#primaryimage"},"image":{"@id":"https:\/\/www.fruskogorski-maraton.com\/en\/introductory\/#primaryimage"},"thumbnailUrl":"https:\/\/www.fruskogorski-maraton.com\/wp-content\/uploads\/2016\/02\/uvod-1.png","datePublished":"2017-10-31T08:50:04+00:00","dateModified":"2025-06-24T10:58:24+00:00","description":"Planinarski maraton na Fru\u0161koj gori. Ukratko o maratonu i o nama. O nasim ciljevima i misiji. Maraton je sportsko takmi\u010darsko-rekreativna manifestacija...","breadcrumb":{"@id":"https:\/\/www.fruskogorski-maraton.com\/en\/introductory\/#breadcrumb"},"inLanguage":"en-US","potentialAction":[{"@type":"ReadAction","target":["https:\/\/www.fruskogorski-maraton.com\/en\/introductory\/"]}]},{"@type":"ImageObject","inLanguage":"en-US","@id":"https:\/\/www.fruskogorski-maraton.com\/en\/introductory\/#primaryimage","url":"https:\/\/www.fruskogorski-maraton.com\/wp-content\/uploads\/2016\/02\/uvod-1.png","contentUrl":"https:\/\/www.fruskogorski-maraton.com\/wp-content\/uploads\/2016\/02\/uvod-1.png"},{"@type":"BreadcrumbList","@id":"https:\/\/www.fruskogorski-maraton.com\/en\/introductory\/#breadcrumb","itemListElement":[{"@type":"ListItem","position":1,"name":"\u041f\u043e\u0447\u0435\u0442\u043d\u0430","item":"https:\/\/www.fruskogorski-maraton.com\/en\/"},{"@type":"ListItem","position":2,"name":"Introductory"}]},{"@type":"WebSite","@id":"https:\/\/www.fruskogorski-maraton.com\/#website","url":"https:\/\/www.fruskogorski-maraton.com\/","name":"Fru\u0161kogorski maraton","description":"takmi\u010darsko-rekreativna manifestacija me\u0111unarodnog karaktera","publisher":{"@id":"https:\/\/www.fruskogorski-maraton.com\/#organization"},"potentialAction":[{"@type":"SearchAction","target":{"@type":"EntryPoint","urlTemplate":"https:\/\/www.fruskogorski-maraton.com\/?s={search_term_string}"},"query-input":{"@type":"PropertyValueSpecification","valueRequired":true,"valueName":"search_term_string"}}],"inLanguage":"en-US"},{"@type":"Organization","@id":"https:\/\/www.fruskogorski-maraton.com\/#organization","name":"Fru\u0161kogorski maraton","url":"https:\/\/www.fruskogorski-maraton.com\/","logo":{"@type":"ImageObject","inLanguage":"en-US","@id":"https:\/\/www.fruskogorski-maraton.com\/#\/schema\/logo\/image\/","url":"https:\/\/www.fruskogorski-maraton.com\/wp-content\/uploads\/2017\/10\/logo.png","contentUrl":"https:\/\/www.fruskogorski-maraton.com\/wp-content\/uploads\/2017\/10\/logo.png","width":234,"height":70,"caption":"Fru\u0161kogorski maraton"},"image":{"@id":"https:\/\/www.fruskogorski-maraton.com\/#\/schema\/logo\/image\/"},"sameAs":["https:\/\/www.facebook.com\/fgmaraton"]}]}},"_links":{"self":[{"href":"https:\/\/www.fruskogorski-maraton.com\/en\/wp-json\/wp\/v2\/pages\/1465","targetHints":{"allow":["GET"]}}],"collection":[{"href":"https:\/\/www.fruskogorski-maraton.com\/en\/wp-json\/wp\/v2\/pages"}],"about":[{"href":"https:\/\/www.fruskogorski-maraton.com\/en\/wp-json\/wp\/v2\/types\/page"}],"author":[{"embeddable":true,"href":"https:\/\/www.fruskogorski-maraton.com\/en\/wp-json\/wp\/v2\/users\/4"}],"replies":[{"embeddable":true,"href":"https:\/\/www.fruskogorski-maraton.com\/en\/wp-json\/wp\/v2\/comments?post=1465"}],"version-history":[{"count":27,"href":"https:\/\/www.fruskogorski-maraton.com\/en\/wp-json\/wp\/v2\/pages\/1465\/revisions"}],"predecessor-version":[{"id":17687,"href":"https:\/\/www.fruskogorski-maraton.com\/en\/wp-json\/wp\/v2\/pages\/1465\/revisions\/17687"}],"wp:attachment":[{"href":"https:\/\/www.fruskogorski-maraton.com\/en\/wp-json\/wp\/v2\/media?parent=1465"}],"curies":[{"name":"wp","href":"https:\/\/api.w.org\/{rel}","templated":true}]}}